{"id":1816,"date":"2016-01-26T16:28:20","date_gmt":"2016-01-26T15:28:20","guid":{"rendered":"http:\/\/www.cruet.fr\/?page_id=1816"},"modified":"2024-06-19T16:23:19","modified_gmt":"2024-06-19T14:23:19","slug":"eau-potable","status":"publish","type":"page","link":"https:\/\/www.cruet.fr\/?page_id=1816","title":{"rendered":"L&rsquo;eau potable et l&rsquo;assainissement"},"content":{"rendered":"<h2 style=\"text-align: left;\"><span style=\"color: #ff6600;\">Service de distribution de\u00a0l&rsquo;eau potable<\/span><\/h2>\n<p style=\"text-align: left;\">Exerc\u00e9e par la communaut\u00e9 de communes Coeur de Savoie jusqu\u2019\u00e0 fin 2015, la comp\u00e9tence alimentation en eau potable a \u00e9t\u00e9 reprise par la commune au 1er janvier 2016.<\/p>\n<ul>\n<li style=\"text-align: left;\"><a href=\"https:\/\/www.cruet.fr\/wp-content\/uploads\/FormulaireEP.pdf\" target=\"_blank\" rel=\"noopener noreferrer\">Formulaire pour les demandes usagers<\/a><\/li>\n<li style=\"text-align: left;\"><a href=\"https:\/\/www.cruet.fr\/wp-content\/uploads\/CRUET-R\u00e9glement-de-service-de-leau-potable.pdf\" target=\"_blank\" rel=\"noopener noreferrer\">Le r\u00e8glement de service de l&rsquo;eau potable<\/a><\/li>\n<\/ul>\n<h2><span style=\"color: #ff6600;\">Les tarifs 2024<\/span><\/h2>\n<table>\n<tbody>\n<tr>\n<td style=\"width: 300px; vertical-align: middle; text-align: right; background-color: #fa5705;\"><span style=\"color: #ffffff;\">Frais d&rsquo;acc\u00e8s au service\u00a0\u00a0<\/span><\/td>\n<td style=\"width: 300px; vertical-align: middle; text-align: left; background-color: #e0e0e0;\"><span style=\"color: #000000;\">\u00a0 58,70 \u20ac HT<\/span><\/td>\n<\/tr>\n<tr style=\"background-color: #d1d1d1;\">\n<td style=\"width: 300px; height: 22px; vertical-align: middle; text-align: right; background-color: #fa5705;\"><span style=\"color: #ffffff;\">Abonnement eau potable\u00a0\u00a0<\/span><\/td>\n<td style=\"width: 300px; height: 22px; vertical-align: middle; text-align: left; background-color: #e0e0e0;\"><span style=\"color: #000000;\">\u00a0 58,70 \u20ac HT\/an<\/span><\/td>\n<\/tr>\n<tr style=\"background-color: #d1d1d1;\">\n<td style=\"width: 300px; height: 22px; vertical-align: middle; text-align: right; background-color: #fa5705;\"><span style=\"color: #ffffff;\">Consommation\u00a0<\/span>\u00a0<\/td>\n<td style=\"width: 300px; height: 22px; vertical-align: middle; text-align: left; background-color: #e0e0e0;\"><span style=\"color: #000000;\">\u00a0 1,39 \u20ac HT\/m3<\/span><\/td>\n<\/tr>\n<\/tbody>\n<\/table>\n<h2><a href=\"https:\/\/www.cruet.fr\/?attachment_id=1831\" rel=\"attachment wp-att-1831\"><img loading=\"lazy\" decoding=\"async\" class=\"alignnone wp-image-1831\" src=\"https:\/\/www.cruet.fr\/wp-content\/uploads\/iStock_Tarek-El-Sombati.jpg\" alt=\"iStock_Tarek El Sombati\" width=\"530\" height=\"242\" srcset=\"https:\/\/www.cruet.fr\/wp-content\/uploads\/iStock_Tarek-El-Sombati.jpg 600w, https:\/\/www.cruet.fr\/wp-content\/uploads\/iStock_Tarek-El-Sombati-300x137.jpg 300w\" sizes=\"auto, (max-width: 530px) 100vw, 530px\" \/><\/a><\/h2>\n<h2><span style=\"color: #ff6600;\">Assainissement<\/span><\/h2>\n<p style=\"text-align: left;\">Depuis le 1er janvier 2018, la Communaut\u00e9 de communes C\u0153ur de Savoie assure la comp\u00e9tence assainissement collectif.<\/p>\n<p style=\"text-align: left;\"><a href=\"https:\/\/www.coeurdesavoie.fr\/4023-assainissement.htm\" target=\"_blank\" rel=\"noopener noreferrer\">Contactez directement les services de la Communaut\u00e9 de communes.<\/a><\/p>\n\n","protected":false},"excerpt":{"rendered":"<p>Service de distribution de\u00a0l&rsquo;eau potable Exerc\u00e9e par la communaut\u00e9 de communes Coeur de Savoie jusqu\u2019\u00e0 fin 2015, la comp\u00e9tence alimentation en eau potable a \u00e9t\u00e9 &hellip;<\/p>\n","protected":false},"author":2,"featured_media":0,"parent":0,"menu_order":0,"comment_status":"closed","ping_status":"closed","template":"","meta":{"footnotes":""},"class_list":["post-1816","page","type-page","status-publish","hentry"],"_links":{"self":[{"href":"https:\/\/www.cruet.fr\/index.php?rest_route=\/wp\/v2\/pages\/1816","targetHints":{"allow":["GET"]}}],"collection":[{"href":"https:\/\/www.cruet.fr\/index.php?rest_route=\/wp\/v2\/pages"}],"about":[{"href":"https:\/\/www.cruet.fr\/index.php?rest_route=\/wp\/v2\/types\/page"}],"author":[{"embeddable":true,"href":"https:\/\/www.cruet.fr\/index.php?rest_route=\/wp\/v2\/users\/2"}],"replies":[{"embeddable":true,"href":"https:\/\/www.cruet.fr\/index.php?rest_route=%2Fwp%2Fv2%2Fcomments&post=1816"}],"version-history":[{"count":0,"href":"https:\/\/www.cruet.fr\/index.php?rest_route=\/wp\/v2\/pages\/1816\/revisions"}],"wp:attachment":[{"href":"https:\/\/www.cruet.fr\/index.php?rest_route=%2Fwp%2Fv2%2Fmedia&parent=1816"}],"curies":[{"name":"wp","href":"https:\/\/api.w.org\/{rel}","templated":true}]}}